{"id":156,"date":"2018-05-27T16:36:41","date_gmt":"2018-05-27T14:36:41","guid":{"rendered":"http:\/\/www.volksverein-niederschelden.de\/?page_id=156"},"modified":"2018-05-27T17:20:42","modified_gmt":"2018-05-27T15:20:42","slug":"datenschutzerklaerung","status":"publish","type":"page","link":"http:\/\/www.volksverein-niederschelden.de\/?page_id=156","title":{"rendered":"Datenschutzerkl\u00e4rung"},"content":{"rendered":"<p><span style=\"font-family: Arial, serif;\"><span style=\"font-size: medium;\"><b>Datenschutz<\/b><\/span><\/span><\/p>\n<p><span style=\"font-family: Arial, serif;\"><span style=\"font-size: medium;\"><b>1. Datenschutzerkl\u00e4rung zur Nutzung dieser Homepage<\/b><\/span><\/span><\/p>\n<p><span style=\"font-family: Arial, serif;\"><span style=\"font-size: medium;\"><b>2. Datenschutzordnung des Volksvereins Niederschelden e.V.<\/b><\/span><\/span><\/p>\n<p><span style=\"font-family: Arial, serif;\"><span style=\"font-size: medium;\"><b>1. Datenschutzerkl\u00e4rung<\/b><\/span><\/span><\/p>\n<p><span style=\"\">D<\/span><span style=\"font-family: Arial, serif;\"><span style=\"font-size: medium;\">ie verantwortliche Stelle f\u00fcr die Datenverarbeitung auf dieser Website ist:<\/span><\/span><\/p>\n<p><span style=\"font-family: Arial, serif;\"><span style=\"font-size: medium;\">Volksverein Niederschelden e.V.<\/span><\/span><\/p>\n<p><span style=\"font-family: Arial, serif;\"><span style=\"font-size: medium;\">Michael H\u00e4nel (1. Vorsitzender)<\/span><\/span><\/p>\n<p><span style=\"font-family: Arial, serif;\"><span style=\"font-size: medium;\">Bogenstra\u00dfe 25<\/span><\/span><\/p>\n<p><span style=\"font-family: Arial, serif;\"><span style=\"font-size: medium;\">57080 Siegen<\/span><\/span><\/p>\n<p><span style=\"font-family: Arial, serif;\"><span style=\"font-size: medium;\">Die verantwortliche Stelle entscheidet allein oder gemeinsam mit anderen \u00fcber die Zwecke und Mittel der Verarbeitung von personenbezogenen Daten (z.B. Namen, Kontaktdaten o. \u00c4.).<\/span><\/span><\/p>\n<p><span style=\"font-family: Arial, serif;\"><span style=\"font-size: medium;\"><b>Widerruf Ihrer Einwilligung zur Datenverarbeitung<\/b><\/span><\/span><\/p>\n<p><span style=\"font-family: Arial, serif;\"><span style=\"font-size: medium;\">Nur mit Ihrer ausdr\u00fccklichen Einwilligung sind einige Vorg\u00e4nge der Datenverarbeitung m\u00f6glich. Ein Widerruf Ihrer bereits erteilten Einwilligung ist jederzeit m\u00f6glich. F\u00fcr den Widerruf gen\u00fcgt eine formlose Mitteilung per E-Mail. Die Rechtm\u00e4\u00dfigkeit der bis zum Widerruf erfolgten Datenverarbeitung bleibt vom Widerruf unber\u00fchrt.<\/span><\/span><\/p>\n<p><span style=\"font-family: Arial, serif;\"><span style=\"font-size: medium;\"><b>Recht auf Beschwerde bei der zust\u00e4ndigen Aufsichtsbeh\u00f6rde<\/b><\/span><\/span><\/p>\n<p><span style=\"font-family: Arial, serif;\"><span style=\"font-size: medium;\">Als Betroffener steht Ihnen im Falle eines datenschutzrechtlichen Versto\u00dfes ein Beschwerderecht bei der zust\u00e4ndigen Aufsichtsbeh\u00f6rde zu. Zust\u00e4ndige Aufsichtsbeh\u00f6rde bez\u00fcglich datenschutzrechtlicher Fragen ist der Landesdatenschutzbeauftragte des Bundeslandes, in dem sich der Sitz unseres Vereins befindet (siehe folgenden Link: <a href=\"https:\/\/www.ldi.nrw.de\/\">https:\/\/www.ldi.nrw.de\/<\/a> Landesbeauftragte f\u00fcr Datenschutz und Informationsfreiheit Nordrhein-Westfalen, Postfach 20 04 44, 40102 D\u00fcsseldorf, Tel.: 0211\/38424-0, Fax: 0211\/38424-10, E-Mail: <a>poststelle@ldi.nrw.de<\/a>).<\/span><\/span><\/p>\n<p><span style=\"font-family: Arial, serif;\"><span style=\"font-size: medium;\"><b>Recht auf Daten\u00fcbertragbarkeit<\/b><\/span><\/span><\/p>\n<p><span style=\"font-family: Arial, serif;\"><span style=\"font-size: medium;\">Ihnen steht das Recht zu, Daten, die wir auf Grundlage Ihrer Einwilligung oder in Erf\u00fcllung eines Vertrags automatisiert verarbeiten, an sich oder an Dritte aush\u00e4ndigen zu lassen. Die Bereitstellung erfolgt in einem maschinenlesbaren Format. Sofern Sie die direkte \u00dcbertragung der Daten an einen anderen Verantwortlichen verlangen, erfolgt dies nur, soweit es technisch machbar ist.<\/span><\/span><\/p>\n<p><span style=\"font-family: Arial, serif;\"><span style=\"font-size: medium;\"><b>Recht auf Auskunft, Berichtigung, Sperrung, L\u00f6schung<\/b><\/span><\/span><\/p>\n<p><span style=\"font-family: Arial, serif;\"><span style=\"font-size: medium;\">Sie haben jederzeit im Rahmen der geltenden gesetzlichen Bestimmungen das Recht auf unentgeltliche Auskunft \u00fcber Ihre gespeicherten personenbezogenen Daten, Herkunft der Daten, deren Empf\u00e4nger und den Zweck der Datenverarbeitung und ggf. ein Recht auf Berichtigung, Sperrung oder L\u00f6schung dieser Daten. Diesbez\u00fcglich und zu weiteren Fragen zum Thema personenbezogener Daten k\u00f6nnen Sie sich jederzeit \u00fcber die im Impressum aufgef\u00fchrten Kontaktm\u00f6glichkeiten an uns wenden.<\/span><\/span><\/p>\n<p><span style=\"font-family: Arial, serif;\"><span style=\"font-size: medium;\"><b>SSL- bzw. TLS-Verschl\u00fcsselung<\/b><\/span><\/span><\/p>\n<p><span style=\"font-family: Arial, serif;\"><span style=\"font-size: medium;\">Aus Sicherheitsgr\u00fcnden und zum Schutz der \u00dcbertragung vertraulicher Inhalte, die Sie an uns als Seitenbetreiber senden, nutzt unsere Website eine SSL-bzw. TLS-Verschl\u00fcsselung. Damit sind Daten, die Sie \u00fcber diese Website \u00fcbermitteln, f\u00fcr Dritte nicht mitlesbar. Sie erkennen eine verschl\u00fcsselte Verbindung an der \u201ehttps:\/\/\u201c Adresszeile Ihres Browsers und am Schloss-Symbol in der Browserzeile.<\/span><\/span><\/p>\n<p><span style=\"font-family: Arial, serif;\"><span style=\"font-size: medium;\"><b>Server-Log-Dateien<\/b><\/span><\/span><\/p>\n<p><span style=\"font-family: Arial, serif;\"><span style=\"font-size: medium;\">In Server-Log-Dateien erhebt und speichert der Provider der Website automatisch Informationen, die Ihr Browser automatisch an uns \u00fcbermittelt. Dies sind:<\/span><\/span><\/p>\n<ul>\n<li><span style=\"font-family: Arial, serif;\"><span style=\"font-size: medium;\">Browsertyp und Browserversion<\/span><\/span><\/li>\n<li><span style=\"font-family: Arial, serif;\"><span style=\"font-size: medium;\">Verwendetes Betriebssystem<\/span><\/span><\/li>\n<li><span style=\"font-family: Arial, serif;\"><span style=\"font-size: medium;\">Referrer URL<\/span><\/span><\/li>\n<li><span style=\"font-family: Arial, serif;\"><span style=\"font-size: medium;\">Hostname des zugreifenden Rechners<\/span><\/span><\/li>\n<li><span style=\"font-family: Arial, serif;\"><span style=\"font-size: medium;\">Uhrzeit der Serveranfrage<\/span><\/span><\/li>\n<li><span style=\"font-family: Arial, serif;\"><span style=\"font-size: medium;\">IP-Adresse<\/span><\/span><\/li>\n<\/ul>\n<p><span style=\"font-family: Arial, serif;\"><span style=\"font-size: medium;\">Es findet keine Zusammenf\u00fchrung dieser Daten mit anderen Datenquellen statt. Grundlage der Datenverarbeitung bildet Art. 6 Abs. 1 lit. b DSGVO, der die Verarbeitung von Daten zur Erf\u00fcllung eines Vertrags oder vorvertraglicher Ma\u00dfnahmen gestattet.<\/span><\/span><\/p>\n<p><span style=\"font-family: Arial, serif;\"><span style=\"font-size: medium;\"><b>Kontaktformular<\/b><\/span><\/span><\/p>\n<p><span style=\"font-family: Arial, serif;\"><span style=\"font-size: medium;\">Per Kontaktformular \u00fcbermittelte Daten werden einschlie\u00dflich Ihrer Kontaktdaten gespeichert, um Ihre Anfrage bearbeiten zu k\u00f6nnen oder um f\u00fcr Anschlussfragen bereitzustehen. Eine Weitergabe dieser Daten findet ohne Ihre Einwilligung nicht statt. Die Verarbeitung der in das Kontaktformular eingegebenen Daten erfolgt ausschlie\u00dflich auf Grundlage Ihrer Einwilligung (Art. 6 Abs. 1 lit. a DSGVO). Ein Widerruf Ihrer bereits erteilten Einwilligung ist jederzeit m\u00f6glich. F\u00fcr den Widerruf gen\u00fcgt eine formlose Mitteilung per E-Mail. Die Rechtm\u00e4\u00dfigkeit der bis zum Widerruf erfolgten Datenverarbeitungsvorg\u00e4nge bleibt vom Widerruf unber\u00fchrt. \u00dcber das Kontaktformular \u00fcbermittelte Daten verbleiben bei uns, bis Sie uns zur L\u00f6schung auffordern, Ihre Einwilligung zur Speicherung widerrufen oder keine Notwendigkeit der Datenspeicherung mehr besteht. Zwingende gesetzliche Bestimmungen &#8211; insbesondere Aufbewahrungsfristen &#8211; bleiben unber\u00fchrt.<\/span><\/span><\/p>\n<p><span style=\"font-family: Arial, serif;\"><span style=\"font-size: medium;\">Quelle: Datenschutz-Konfigurator von <a href=\"http:\/\/www.mein-datenschutzbeauftragter.de\/\" target=\"_blank\" rel=\"noopener\">mein-datenschutzbeauftragter.de<\/a><\/span><\/span><\/p>\n<p><span style=\"font-family: Arial, serif;\"><span style=\"font-size: medium;\"><b>2. Datenschutzordnung Volksverein Niederschelden e.V.<\/b><\/span><\/span><\/p>\n<p><span style=\"font-family: Arial, serif;\"><span style=\"font-size: medium;\"><b>Pr\u00e4ambel<\/b><\/span><\/span><\/p>\n<p><span style=\"font-family: Arial, serif;\"><span style=\"font-size: medium;\">Der Volksverein Niederschelden e.V. verarbeitet in vielfacher Weise automatisiert personenbezogene Daten (z.B. im Rahmen der Vereinsverwaltung, der Organisation des Vereinslebens, der \u00d6ffentlichkeitsarbeit des Vereins). Um die Vorgaben der EU-Datenschutz-Grundverordnung und des Bundesdatenschutzgesetzes zu erf\u00fcllen, Datenschutzverst\u00f6\u00dfe zu vermeiden und einen einheitlichen Umgang mit personenbezogenen Daten innerhalb des Vereins zu gew\u00e4hrleisten, gibt sich der Verein die nachfolgende Datenschutzordnung.<\/span><\/span><\/p>\n<p><span style=\"font-family: Arial, serif;\"><span style=\"font-size: medium;\"><b>\u00a7 1 Allgemeines<\/b><\/span><\/span><\/p>\n<p><span style=\"font-family: Arial, serif;\"><span style=\"font-size: medium;\">Der Verein verarbeitet personenbezogene Daten u.a. von Mitgliedern, ehrenamtlichen Mitarbeiterinnen und Mitarbeitern sowohl automatisiert in EDV-Anlagen als auch nicht automatisiert in einem Dateisystem, z.B. in Form von ausgedruckten Listen. Ggf. werden auch personenbezogene Daten im Internet ver\u00f6ffentlicht und an Dritte weitergeleitet oder Dritten offengelegt. In all diesen F\u00e4llen ist die EU-Datenschutz-Grundverordnung, das Bundesdatenschutzgesetz und diese Datenschutzordnung durch alle Personen im Verein, die personenbezogene Daten verarbeiten, zu beachten.<\/span><\/span><\/p>\n<p><span style=\"font-family: Arial, serif;\"><span style=\"font-size: medium;\"><b>\u00a7 2 Verarbeitung personenbezogener Daten der Mitglieder<\/b><\/span><\/span><\/p>\n<p><span style=\"font-family: Arial, serif;\"><span style=\"font-size: medium;\">1. Der Verein verarbeitet die Daten unterschiedlicher Kategorien von Personen. F\u00fcr jede Kategorie von betroffenen Personen wird im Verzeichnis der Verarbeitungst\u00e4tigkeiten ein Einzelblatt angelegt.<\/span><\/span><\/p>\n<p><span style=\"font-family: Arial, serif;\"><span style=\"font-size: medium;\">2. Im Rahmen des Mitgliedschaftsverh\u00e4ltnisses verarbeitet der Verein insbesondere die folgenden Daten der Mitglieder: Geschlecht, Vorname, Nachname, Anschrift (Stra\u00dfe, Hausnummer, Postleitzahl, Ort), Geburtsdatum, Datum des Vereinsbeitritts, Bankverbindung, ggf. die Namen und Kontaktdaten der gesetzlichen Vertreter, Telefonnummern und E-Mail-Adressen, ggf. Funktion im Verein.<\/span><\/span><\/p>\n<p><span style=\"font-family: Arial, serif;\"><span style=\"font-size: medium;\"><b>\u00a7 3 Datenverarbeitung im Rahmen der \u00d6ffentlichkeitsarbeit<\/b><\/span><\/span><\/p>\n<p><span style=\"font-family: Arial, serif;\"><span style=\"font-size: medium;\">1. Im Rahmen der \u00d6ffentlichkeitsarbeit \u00fcber Vereinsaktivit\u00e4ten werden personenbezogene Daten z. B. in Aush\u00e4ngen und in Internetauftritten ver\u00f6ffentlicht und an die Presse weitergegeben.<\/span><\/span><\/p>\n<p><span style=\"font-family: Arial, serif;\"><span style=\"font-size: medium;\">2. Hierzu z\u00e4hlen insbesondere die Daten, die aus allgemein zug\u00e4nglichen Quellen stammen: Teilnehmer an Veranstaltungen, Ehrungen, Alter oder Geburtsjahrgang.<\/span><\/span><\/p>\n<p><span style=\"font-family: Arial, serif;\"><span style=\"font-size: medium;\">3. Die Ver\u00f6ffentlichung von Fotos und Videos, die au\u00dferhalb \u00f6ffentlicher Veranstaltungen gemacht wurden, erfolgt ausschlie\u00dflich auf Grundlage einer Einwilligung der abgebildeten Personen.<\/span><\/span><\/p>\n<p><span style=\"font-family: Arial, serif;\"><span style=\"font-size: medium;\">4. Auf der Internetseite des Vereins werden die Daten der Mitglieder des Vorstands, und der Beauftragten mit Vorname, Nachname, Funktion, E-Mail-Adresse und Telefonnummer ver\u00f6ffentlicht.<\/span><\/span><\/p>\n<p><span style=\"font-family: Arial, serif;\"><span style=\"font-size: medium;\"><b>\u00a7 4 Zust\u00e4ndigkeiten f\u00fcr die Datenverarbeitung im Verein<\/b><\/span><\/span><\/p>\n<p><span style=\"font-family: Arial, serif;\"><span style=\"font-size: medium;\">Verantwortlich f\u00fcr die Einhaltung der datenschutzrechtlichen Vorgaben ist der Vorstand nach \u00a7 26 BGB. Funktional ist die Aufgabe dem\/der 1. Vorsitzenden zugeordnet, soweit die Satzung oder diese Ordnung nicht etwas Abweichendes regelt. Der\/die 1. Vorsitzende stellt sicher, dass Verzeichnisse der Verarbeitungst\u00e4tigkeiten nach Art. 30 DSGVO gef\u00fchrt und die Informationspflichten nach Art. 13 und 14 DSGVO erf\u00fcllt werden. Er ist f\u00fcr die Beantwortung von Auskunftsverlangen von betroffenen Personen zust\u00e4ndig.<\/span><\/span><\/p>\n<p><span style=\"font-family: Arial, serif;\"><span style=\"font-size: medium;\"><b>\u00a7 5 Verwendung und Herausgabe von Mitgliederdaten und \u2013listen<\/b><\/span><\/span><\/p>\n<p><span style=\"font-family: Arial, serif;\"><span style=\"font-size: medium;\">1. Listen von Mitgliedern oder Teilnehmern werden den jeweiligen Mitarbeiterinnen und Mitarbeitern im Verein (z.B. Vorstandsmitgliedern, Beauftragten) insofern zur Verf\u00fcgung gestellt, wie es die jeweilige Aufgabenstellung erfordert. Beim Umfang der dabei verwendeten personenbezogenen Daten ist das Gebot der Datensparsamkeit zu beachten.<\/span><\/span><\/p>\n<p><span style=\"font-family: Arial, serif;\"><span style=\"font-size: medium;\">2. Personenbezogene Daten von Mitgliedern d\u00fcrfen an andere Vereinsmitglieder nur herausgegeben werden, wenn die Einwilligung der betroffenen Person vorliegt. Die Nutzung von Teilnehmerlisten, in die sich die Teilnehmer von Versammlungen und anderen Veranstaltungen zum Beispiel zum Nachweis der Anwesenheit eintragen, gilt nicht als eine solche Herausgabe.<\/span><\/span><\/p>\n<p><span style=\"font-family: Arial, serif;\"><span style=\"font-size: medium;\">3. Macht ein Mitglied glaubhaft, dass es eine Mitgliederliste zur Wahrnehmung satzungsgem\u00e4\u00dfer oder gesetzlicher Rechte ben\u00f6tigt (z.B. um die Einberufung einer Mitgliederversammlung im Rahmen des Minderheitenbegehrens zu beantragen), stellt der Vorstand eine Kopie der Mitgliederliste mit Vornamen, Nachnamen und Anschrift als Ausdruck oder als Datei zur Verf\u00fcgung. Das Mitglied, welches das Minderheitenbegehren initiiert, hat vorher eine Versicherung abzugeben, dass diese Daten ausschlie\u00dflich f\u00fcr diesen Zweck verwendet und nach der Verwendung vernichtet werden.<\/span><\/span><\/p>\n<p><span style=\"font-family: Arial, serif;\"><span style=\"font-size: medium;\"><b>\u00a7 6 Kommunikation per E-Mail<\/b><\/span><\/span><\/p>\n<p><span style=\"font-family: Arial, serif;\"><span style=\"font-size: medium;\">1. F\u00fcr die Kommunikation per E-Mail richtet der Verein einen vereinseigenen E-Mail-Account ein, der im Rahmen der vereinsinternen Kommunikation ausschlie\u00dflich zu nutzen ist.<\/span><\/span><\/p>\n<p><span style=\"font-family: Arial, serif;\"><span style=\"font-size: medium;\">2. Beim Versand von E-Mails an eine Vielzahl von Personen, die nicht in einem st\u00e4ndigen Kontakt per E-Mail untereinander stehen und\/oder deren private E-Mail-Accounts verwendet werden, sind die E-Mail-Adressen als \u201ebcc\u201c zu versenden.<\/span><\/span><\/p>\n<p><span style=\"font-family: Arial, serif;\"><span style=\"font-size: medium;\"><b>\u00a7 7 Verpflichtung auf die Vertraulichkeit<\/b><\/span><\/span><\/p>\n<p><span style=\"font-family: Arial, serif;\"><span style=\"font-size: medium;\">Alle Mitarbeiterinnen und Mitarbeiter im Verein, die Umgang mit personenbezogenen Daten haben (z.B. Mitglieder des Vorstands, Beauftragte), sind auf den vertraulichen Umgang mit personenbezogenen Daten zu verpflichten.<\/span><\/span><\/p>\n<p><span style=\"font-family: Arial, serif;\"><span style=\"font-size: medium;\"><b>\u00a7 8 Datenschutzbeauftragter<\/b><\/span><\/span><\/p>\n<p><span style=\"font-family: Arial, serif;\"><span style=\"font-size: medium;\">Wenn im Verein in der Regel mindestens 10 Personen st\u00e4ndig mit der automatisierten Verarbeitung personenbezogener Daten besch\u00e4ftigt sind, hat der Verein einen Datenschutzbeauftragten zu benennen. Die Auswahl und Benennung obliegt dem Vorstand nach \u00a7 26 BGB. Der Vorstand hat sicherzustellen, dass die benannte Person \u00fcber die erforderliche Fachkunde verf\u00fcgt. Vorrangig ist ein interner Datenschutzbeauftragter zu benennen. Ist aus den Reihen der Mitgliedschaft keine Person bereit, diese Funktion im Rahmen eines Ehrenamtes zu \u00fcbernehmen, hat der Vorstand nach \u00a7 26 BGB einen externen Datenschutzbeauftragten auf der Basis eines Dienstvertrages zu beauftragen.<\/span><\/span><\/p>\n<p><span style=\"font-family: Arial, serif;\"><span style=\"font-size: medium;\"><b>\u00a7 9 Einrichtung und Unterhaltung von Internetauftritten<\/b><\/span><\/span><\/p>\n<p><span style=\"font-family: Arial, serif;\"><span style=\"font-size: medium;\">1. Der Verein unterh\u00e4lt zentrale Auftritte f\u00fcr den Gesamtverein (Homepage). Die Einrichtung und Unterhaltung von Auftritten im Internet obliegt dem\/der 1. Vorsitzenden. \u00c4nderungen d\u00fcrfen ausschlie\u00dflich durch den\/die 1. Vorsitzende und ggf. den Administrator vorgenommen werden.<\/span><\/span><\/p>\n<p><span style=\"font-family: Arial, serif;\"><span style=\"font-size: medium;\">2. Der\/die 1. Vorsitzendet ist f\u00fcr die Einhaltung der Datenschutzbestimmungen im Zusammenhang mit Online-Auftritten verantwortlich.<\/span><\/span><\/p>\n<p><span style=\"font-family: Arial, serif;\"><span style=\"font-size: medium;\">3. Abteilungen bed\u00fcrfen f\u00fcr die Einrichtung eigener Internetauftritte (z.B. Homepage, Facebook, Twitter) der ausdr\u00fccklichen Genehmigung des\/der 1. Vorsitzenden. F\u00fcr den Betrieb eines Internetauftritts haben die Abteilungen Verantwortliche zu benennen, denen gegen\u00fcber der\/die 1. Vorsitzende weisungsbefugt ist. Bei Verst\u00f6\u00dfen gegen datenschutzrechtliche Vorgaben und Missachtung von Weisungen des der\/des 1. Vorsitzenden, kann der Vorstand nach \u00a7 26 BGB die Genehmigung f\u00fcr den Betrieb eines Internetauftritts widerrufen. Die Entscheidung des Vorstands nach \u00a7 26 BGB ist unanfechtbar.<\/span><\/span><\/p>\n<p><span style=\"font-family: Arial, serif;\"><span style=\"font-size: medium;\"><b>\u00a7 10 Verst\u00f6\u00dfe gegen datenschutzrechtliche Vorgaben und diese Ordnung<\/b><\/span><\/span><\/p>\n<p><span style=\"font-family: Arial, serif;\"><span style=\"font-size: medium;\">1. Alle ehrenamtlichen Mitarbeiterinnen und Mitarbeiter des Vereins d\u00fcrfen nur im Rahmen ihrer jeweiligen Befugnisse Daten verarbeiten. Eine eigenm\u00e4chtige Daten-Erhebung, -Nutzung oder \u2013Weitergabe ist untersagt.<\/span><\/span><\/p>\n<p><span style=\"font-family: Arial, serif;\"><span style=\"font-size: medium;\">2. Verst\u00f6\u00dfe gegen allgemeine datenschutzrechtliche Vorgaben und insbesondere gegen diese Datenschutzordnung k\u00f6nnen gem\u00e4\u00df den Sanktionsmitteln, wie sie in der Satzung vorgesehen sind, geahndet werden.<\/span><\/span><\/p>\n<p><span style=\"font-family: Arial, serif;\"><span style=\"font-size: medium;\"><b>\u00a7 11 Inkrafttreten<\/b><\/span><\/span><\/p>\n<p><span style=\"font-family: Arial, serif;\"><span style=\"font-size: medium;\">Diese Datenschutzordnung wurde durch den Gesamtvorstand des Vereins beschlossen und tritt mit Ver\u00f6ffentlichung auf der Homepage des Vereins in Kraft.<\/span><\/span><\/p>\n","protected":false},"excerpt":{"rendered":"<p>Datenschutz 1. Datenschutzerkl\u00e4rung zur Nutzung dieser Homepage 2. Datenschutzordnung des Volksvereins Niederschelden e.V. 1. Datenschutzerkl\u00e4rung Die verantwortliche Stelle f\u00fcr die Datenverarbeitung auf dieser Website ist: Volksverein Niederschelden e.V. Michael H\u00e4nel (1. Vorsitzender) Bogenstra\u00dfe 25 57080 Siegen Die verantwortliche Stelle entscheidet &hellip; <a href=\"http:\/\/www.volksverein-niederschelden.de\/?page_id=156\">Weiterlesen <span class=\"meta-nav\">&rarr;<\/span><\/a><\/p>\n","protected":false},"author":1,"featured_media":0,"parent":0,"menu_order":0,"comment_status":"closed","ping_status":"closed","template":"","meta":[],"_links":{"self":[{"href":"http:\/\/www.volksverein-niederschelden.de\/index.php?rest_route=\/wp\/v2\/pages\/156"}],"collection":[{"href":"http:\/\/www.volksverein-niederschelden.de\/index.php?rest_route=\/wp\/v2\/pages"}],"about":[{"href":"http:\/\/www.volksverein-niederschelden.de\/index.php?rest_route=\/wp\/v2\/types\/page"}],"author":[{"embeddable":true,"href":"http:\/\/www.volksverein-niederschelden.de\/index.php?rest_route=\/wp\/v2\/users\/1"}],"replies":[{"embeddable":true,"href":"http:\/\/www.volksverein-niederschelden.de\/index.php?rest_route=%2Fwp%2Fv2%2Fcomments&post=156"}],"version-history":[{"count":3,"href":"http:\/\/www.volksverein-niederschelden.de\/index.php?rest_route=\/wp\/v2\/pages\/156\/revisions"}],"predecessor-version":[{"id":172,"href":"http:\/\/www.volksverein-niederschelden.de\/index.php?rest_route=\/wp\/v2\/pages\/156\/revisions\/172"}],"wp:attachment":[{"href":"http:\/\/www.volksverein-niederschelden.de\/index.php?rest_route=%2Fwp%2Fv2%2Fmedia&parent=156"}],"curies":[{"name":"wp","href":"https:\/\/api.w.org\/{rel}","templated":true}]}}